{"id":4329,"date":"2016-04-13T15:21:19","date_gmt":"2016-04-13T14:21:19","guid":{"rendered":"http:\/\/preview.eurotrail.info\/producten\/schuthuelle-fuer-reisemobile\/"},"modified":"2016-04-13T15:21:19","modified_gmt":"2016-04-13T14:21:19","slug":"schuthuelle-fuer-reisemobile","status":"publish","type":"product","link":"https:\/\/eurotrail.info\/de\/producten\/schutzhuelle\/caravan-beschermhoezen-de\/schuthuelle-fuer-reisemobile\/","title":{"rendered":"Schuth\u00fclle f\u00fcr Reisemobile"},"content":{"rendered":"<p>Atmungsaktive Schutzh\u00fcllen f\u00fcr Reisemobile. Universelle Passform.<\/p>\n<p>Das hochwertige 160gr\/m2 SFS-3 Material ist 3-lagig, Wasser abweisend und Atmungsaktiv.<\/p>\n<p>Wirt komplett in einer Aufbewahrungstasche inkl. Abspannlaschen und Reparaturset geliefert. Durch zwei Reissverschl\u00fcsse last sich die rechte Seite komplett offnen und ermoglicht somit das Eintreten in jeden Fahrzug duch die Eingangstur.<\/p>\n<p>&nbsp;<\/p>\n<p><strong>Die H\u00fclle sind 240cm Breit und H\u00f6he ist 270cm.<\/strong><\/p>\n<p>&nbsp;<\/p>\n<p><strong>Farbe<\/strong>: Grau<\/p>\n<p>&nbsp;<\/p>\n<table border=\"0\" width=\"318\" cellspacing=\"0\" cellpadding=\"0\">\n<colgroup>\n<col width=\"119\" \/>\n<col width=\"126\" \/>\n<col width=\"73\" \/><\/colgroup>\n<tbody>\n<tr>\n<td class=\"xl29\" width=\"119\" height=\"19\"><strong>Art.nr.<\/strong><\/td>\n<td class=\"xl29\" width=\"126\"><\/td>\n<td class=\"xl25\" width=\"73\"><\/td>\n<\/tr>\n<tr>\n<td class=\"xl26\" height=\"19\">\n<table border=\"0\" width=\"318\" cellspacing=\"0\" cellpadding=\"0\">\n<tbody>\n<tr>\n<td class=\"xl26\" height=\"19\">ETCC0061<\/td>\n<td class=\"xl27\">400-450cm<\/td>\n<td class=\"xl28\"><\/td>\n<\/tr>\n<tr>\n<td class=\"xl26\" height=\"19\">ETCC0066<\/td>\n<td class=\"xl27\">450-500cm<\/td>\n<td class=\"xl28\"><\/td>\n<\/tr>\n<tr>\n<td class=\"xl26\" height=\"19\">ETCC0071<\/td>\n<td class=\"xl27\">500-550cm<\/td>\n<td class=\"xl28\"><\/td>\n<\/tr>\n<tr>\n<td class=\"xl26\" height=\"19\">ETCC0076<\/td>\n<td class=\"xl27\">550-600cm<\/td>\n<td class=\"xl28\"><\/td>\n<\/tr>\n<tr>\n<td class=\"xl26\" height=\"19\">ETCC0081<\/td>\n<td class=\"xl27\">600-650cm<\/td>\n<td class=\"xl28\"><\/td>\n<\/tr>\n<tr>\n<td class=\"xl26\" height=\"19\">ETCC0086<\/td>\n<td class=\"xl27\">650-700cm<\/td>\n<td class=\"xl28\"><\/td>\n<\/tr>\n<tr>\n<td class=\"xl26\" height=\"19\">ETCC0091<\/td>\n<td class=\"xl27\">700-750cm<\/td>\n<td class=\"xl28\"><\/td>\n<\/tr>\n<tr>\n<td class=\"xl26\" height=\"19\">ETCC0096<\/td>\n<td class=\"xl27\">750-800cm<\/td>\n<td class=\"xl28\"><\/td>\n<\/tr>\n<tr>\n<td class=\"xl26\" height=\"19\">ETCC0101<\/td>\n<td class=\"xl27\">800-850cm<\/td>\n<td class=\"xl28\"><\/td>\n<\/tr>\n<\/tbody>\n<\/table>\n<\/td>\n<td class=\"xl27\"><\/td>\n<td class=\"xl28\"><\/td>\n<\/tr>\n<\/tbody>\n<\/table>\n<p>&nbsp;<\/p>\n<p>&nbsp;<\/p>\n<p><strong>ACHTUNG:<\/strong><\/p>\n<p><strong>Wir empfehelen Ihnen ein Abstandsprofile auf das Dach zu legen f\u00fcr eine optimaler Beluftung\/Ventialtion und die Seitenfenster zus\u00e4tzlich ab zu decken damit die gut geschutz sind.<\/strong><\/p>\n","protected":false},"excerpt":{"rendered":"<p>Atmungsaktive Schutzh\u00fcllen f\u00fcr Reisemobile. Universelle Passform. Das hochwertige 160gr\/m2 SFS-3 Material ist 3-lagig, Wasser abweisend und Atmungsaktiv. Wirt komplett in einer Aufbewahrungstasche inkl. Abspannlaschen und&hellip;<\/p>\n","protected":false},"featured_media":2153,"comment_status":"open","ping_status":"closed","template":"","meta":{"_acf_changed":false},"product_brand":[],"product_cat":[61],"product_tag":[],"class_list":{"0":"post-4329","1":"product","2":"type-product","3":"status-publish","4":"has-post-thumbnail","6":"product_cat-caravan-beschermhoezen-de","8":"first","9":"instock","10":"shipping-taxable","11":"product-type-simple"},"acf":[],"yoast_head":"<!-- This site is optimized with the Yoast SEO plugin v27.5 - https:\/\/yoast.com\/product\/yoast-seo-wordpress\/ -->\n<title>Schuth\u00fclle f\u00fcr Reisemobile - Eurotrail<\/title>\n<meta name=\"robots\" content=\"index, follow, max-snippet:-1, max-image-preview:large, max-video-preview:-1\" \/>\n<link rel=\"canonical\" href=\"https:\/\/eurotrail.info\/de\/producten\/schutzhuelle\/caravan-beschermhoezen-de\/schuthuelle-fuer-reisemobile\/\" \/>\n<meta property=\"og:locale\" content=\"de_DE\" \/>\n<meta property=\"og:type\" content=\"article\" \/>\n<meta property=\"og:title\" content=\"Schuth\u00fclle f\u00fcr Reisemobile - Eurotrail\" \/>\n<meta property=\"og:description\" content=\"Atmungsaktive Schutzh\u00fcllen f\u00fcr Reisemobile. Universelle Passform. Das hochwertige 160gr\/m2 SFS-3 Material ist 3-lagig, Wasser abweisend und Atmungsaktiv. Wirt komplett in einer Aufbewahrungstasche inkl. Abspannlaschen und&hellip;\" \/>\n<meta property=\"og:url\" content=\"https:\/\/eurotrail.info\/de\/producten\/schutzhuelle\/caravan-beschermhoezen-de\/schuthuelle-fuer-reisemobile\/\" \/>\n<meta property=\"og:site_name\" content=\"Eurotrail\" \/>\n<meta property=\"og:image\" content=\"https:\/\/eurotrail.info\/wp\/wp-content\/uploads\/2016\/04\/ETCC0061-Camper-cover.jpg\" \/>\n\t<meta property=\"og:image:width\" content=\"545\" \/>\n\t<meta property=\"og:image:height\" content=\"363\" \/>\n\t<meta property=\"og:image:type\" content=\"image\/jpeg\" \/>\n<meta name=\"twitter:card\" content=\"summary_large_image\" \/>\n<meta name=\"twitter:label1\" content=\"Gesch\u00e4tzte Lesezeit\" \/>\n\t<meta name=\"twitter:data1\" content=\"1\u00a0Minute\" \/>\n<script type=\"application\/ld+json\" class=\"yoast-schema-graph\">{\"@context\":\"https:\\\/\\\/schema.org\",\"@graph\":[{\"@type\":\"WebPage\",\"@id\":\"https:\\\/\\\/eurotrail.info\\\/de\\\/producten\\\/schutzhuelle\\\/caravan-beschermhoezen-de\\\/schuthuelle-fuer-reisemobile\\\/\",\"url\":\"https:\\\/\\\/eurotrail.info\\\/de\\\/producten\\\/schutzhuelle\\\/caravan-beschermhoezen-de\\\/schuthuelle-fuer-reisemobile\\\/\",\"name\":\"Schuth\u00fclle f\u00fcr Reisemobile - Eurotrail\",\"isPartOf\":{\"@id\":\"https:\\\/\\\/eurotrail.info\\\/#website\"},\"primaryImageOfPage\":{\"@id\":\"https:\\\/\\\/eurotrail.info\\\/de\\\/producten\\\/schutzhuelle\\\/caravan-beschermhoezen-de\\\/schuthuelle-fuer-reisemobile\\\/#primaryimage\"},\"image\":{\"@id\":\"https:\\\/\\\/eurotrail.info\\\/de\\\/producten\\\/schutzhuelle\\\/caravan-beschermhoezen-de\\\/schuthuelle-fuer-reisemobile\\\/#primaryimage\"},\"thumbnailUrl\":\"https:\\\/\\\/eurotrail.info\\\/wp\\\/wp-content\\\/uploads\\\/2016\\\/04\\\/ETCC0061-Camper-cover.jpg\",\"datePublished\":\"2016-04-13T14:21:19+00:00\",\"breadcrumb\":{\"@id\":\"https:\\\/\\\/eurotrail.info\\\/de\\\/producten\\\/schutzhuelle\\\/caravan-beschermhoezen-de\\\/schuthuelle-fuer-reisemobile\\\/#breadcrumb\"},\"inLanguage\":\"de\",\"potentialAction\":[{\"@type\":\"ReadAction\",\"target\":[\"https:\\\/\\\/eurotrail.info\\\/de\\\/producten\\\/schutzhuelle\\\/caravan-beschermhoezen-de\\\/schuthuelle-fuer-reisemobile\\\/\"]}]},{\"@type\":\"ImageObject\",\"inLanguage\":\"de\",\"@id\":\"https:\\\/\\\/eurotrail.info\\\/de\\\/producten\\\/schutzhuelle\\\/caravan-beschermhoezen-de\\\/schuthuelle-fuer-reisemobile\\\/#primaryimage\",\"url\":\"https:\\\/\\\/eurotrail.info\\\/wp\\\/wp-content\\\/uploads\\\/2016\\\/04\\\/ETCC0061-Camper-cover.jpg\",\"contentUrl\":\"https:\\\/\\\/eurotrail.info\\\/wp\\\/wp-content\\\/uploads\\\/2016\\\/04\\\/ETCC0061-Camper-cover.jpg\",\"width\":545,\"height\":363,\"caption\":\"Schuth\u00fclle f\u00fcr Reisemobile\"},{\"@type\":\"BreadcrumbList\",\"@id\":\"https:\\\/\\\/eurotrail.info\\\/de\\\/producten\\\/schutzhuelle\\\/caravan-beschermhoezen-de\\\/schuthuelle-fuer-reisemobile\\\/#breadcrumb\",\"itemListElement\":[{\"@type\":\"ListItem\",\"position\":1,\"name\":\"Home\",\"item\":\"https:\\\/\\\/eurotrail.info\\\/de\\\/\"},{\"@type\":\"ListItem\",\"position\":2,\"name\":\"Produkte\",\"item\":\"https:\\\/\\\/eurotrail.info\\\/de\\\/produkte\\\/\"},{\"@type\":\"ListItem\",\"position\":3,\"name\":\"Schuth\u00fclle f\u00fcr Reisemobile\"}]},{\"@type\":\"WebSite\",\"@id\":\"https:\\\/\\\/eurotrail.info\\\/#website\",\"url\":\"https:\\\/\\\/eurotrail.info\\\/\",\"name\":\"Eurotrail\",\"description\":\"\",\"publisher\":{\"@id\":\"https:\\\/\\\/eurotrail.info\\\/#organization\"},\"potentialAction\":[{\"@type\":\"SearchAction\",\"target\":{\"@type\":\"EntryPoint\",\"urlTemplate\":\"https:\\\/\\\/eurotrail.info\\\/?s={search_term_string}\"},\"query-input\":{\"@type\":\"PropertyValueSpecification\",\"valueRequired\":true,\"valueName\":\"search_term_string\"}}],\"inLanguage\":\"de\"},{\"@type\":\"Organization\",\"@id\":\"https:\\\/\\\/eurotrail.info\\\/#organization\",\"name\":\"Eurotrail\",\"url\":\"https:\\\/\\\/eurotrail.info\\\/\",\"logo\":{\"@type\":\"ImageObject\",\"inLanguage\":\"de\",\"@id\":\"https:\\\/\\\/eurotrail.info\\\/#\\\/schema\\\/logo\\\/image\\\/\",\"url\":\"https:\\\/\\\/eurotrail.info\\\/wp\\\/wp-content\\\/uploads\\\/2023\\\/07\\\/ET-logo-quote_NL-scaled.jpg\",\"contentUrl\":\"https:\\\/\\\/eurotrail.info\\\/wp\\\/wp-content\\\/uploads\\\/2023\\\/07\\\/ET-logo-quote_NL-scaled.jpg\",\"width\":2560,\"height\":675,\"caption\":\"Eurotrail\"},\"image\":{\"@id\":\"https:\\\/\\\/eurotrail.info\\\/#\\\/schema\\\/logo\\\/image\\\/\"}}]}<\/script>\n<!-- \/ Yoast SEO plugin. -->","yoast_head_json":{"title":"Schuth\u00fclle f\u00fcr Reisemobile - Eurotrail","robots":{"index":"index","follow":"follow","max-snippet":"max-snippet:-1","max-image-preview":"max-image-preview:large","max-video-preview":"max-video-preview:-1"},"canonical":"https:\/\/eurotrail.info\/de\/producten\/schutzhuelle\/caravan-beschermhoezen-de\/schuthuelle-fuer-reisemobile\/","og_locale":"de_DE","og_type":"article","og_title":"Schuth\u00fclle f\u00fcr Reisemobile - Eurotrail","og_description":"Atmungsaktive Schutzh\u00fcllen f\u00fcr Reisemobile. Universelle Passform. Das hochwertige 160gr\/m2 SFS-3 Material ist 3-lagig, Wasser abweisend und Atmungsaktiv. Wirt komplett in einer Aufbewahrungstasche inkl. Abspannlaschen und&hellip;","og_url":"https:\/\/eurotrail.info\/de\/producten\/schutzhuelle\/caravan-beschermhoezen-de\/schuthuelle-fuer-reisemobile\/","og_site_name":"Eurotrail","og_image":[{"width":545,"height":363,"url":"https:\/\/eurotrail.info\/wp\/wp-content\/uploads\/2016\/04\/ETCC0061-Camper-cover.jpg","type":"image\/jpeg"}],"twitter_card":"summary_large_image","twitter_misc":{"Gesch\u00e4tzte Lesezeit":"1\u00a0Minute"},"schema":{"@context":"https:\/\/schema.org","@graph":[{"@type":"WebPage","@id":"https:\/\/eurotrail.info\/de\/producten\/schutzhuelle\/caravan-beschermhoezen-de\/schuthuelle-fuer-reisemobile\/","url":"https:\/\/eurotrail.info\/de\/producten\/schutzhuelle\/caravan-beschermhoezen-de\/schuthuelle-fuer-reisemobile\/","name":"Schuth\u00fclle f\u00fcr Reisemobile - Eurotrail","isPartOf":{"@id":"https:\/\/eurotrail.info\/#website"},"primaryImageOfPage":{"@id":"https:\/\/eurotrail.info\/de\/producten\/schutzhuelle\/caravan-beschermhoezen-de\/schuthuelle-fuer-reisemobile\/#primaryimage"},"image":{"@id":"https:\/\/eurotrail.info\/de\/producten\/schutzhuelle\/caravan-beschermhoezen-de\/schuthuelle-fuer-reisemobile\/#primaryimage"},"thumbnailUrl":"https:\/\/eurotrail.info\/wp\/wp-content\/uploads\/2016\/04\/ETCC0061-Camper-cover.jpg","datePublished":"2016-04-13T14:21:19+00:00","breadcrumb":{"@id":"https:\/\/eurotrail.info\/de\/producten\/schutzhuelle\/caravan-beschermhoezen-de\/schuthuelle-fuer-reisemobile\/#breadcrumb"},"inLanguage":"de","potentialAction":[{"@type":"ReadAction","target":["https:\/\/eurotrail.info\/de\/producten\/schutzhuelle\/caravan-beschermhoezen-de\/schuthuelle-fuer-reisemobile\/"]}]},{"@type":"ImageObject","inLanguage":"de","@id":"https:\/\/eurotrail.info\/de\/producten\/schutzhuelle\/caravan-beschermhoezen-de\/schuthuelle-fuer-reisemobile\/#primaryimage","url":"https:\/\/eurotrail.info\/wp\/wp-content\/uploads\/2016\/04\/ETCC0061-Camper-cover.jpg","contentUrl":"https:\/\/eurotrail.info\/wp\/wp-content\/uploads\/2016\/04\/ETCC0061-Camper-cover.jpg","width":545,"height":363,"caption":"Schuth\u00fclle f\u00fcr Reisemobile"},{"@type":"BreadcrumbList","@id":"https:\/\/eurotrail.info\/de\/producten\/schutzhuelle\/caravan-beschermhoezen-de\/schuthuelle-fuer-reisemobile\/#breadcrumb","itemListElement":[{"@type":"ListItem","position":1,"name":"Home","item":"https:\/\/eurotrail.info\/de\/"},{"@type":"ListItem","position":2,"name":"Produkte","item":"https:\/\/eurotrail.info\/de\/produkte\/"},{"@type":"ListItem","position":3,"name":"Schuth\u00fclle f\u00fcr Reisemobile"}]},{"@type":"WebSite","@id":"https:\/\/eurotrail.info\/#website","url":"https:\/\/eurotrail.info\/","name":"Eurotrail","description":"","publisher":{"@id":"https:\/\/eurotrail.info\/#organization"},"potentialAction":[{"@type":"SearchAction","target":{"@type":"EntryPoint","urlTemplate":"https:\/\/eurotrail.info\/?s={search_term_string}"},"query-input":{"@type":"PropertyValueSpecification","valueRequired":true,"valueName":"search_term_string"}}],"inLanguage":"de"},{"@type":"Organization","@id":"https:\/\/eurotrail.info\/#organization","name":"Eurotrail","url":"https:\/\/eurotrail.info\/","logo":{"@type":"ImageObject","inLanguage":"de","@id":"https:\/\/eurotrail.info\/#\/schema\/logo\/image\/","url":"https:\/\/eurotrail.info\/wp\/wp-content\/uploads\/2023\/07\/ET-logo-quote_NL-scaled.jpg","contentUrl":"https:\/\/eurotrail.info\/wp\/wp-content\/uploads\/2023\/07\/ET-logo-quote_NL-scaled.jpg","width":2560,"height":675,"caption":"Eurotrail"},"image":{"@id":"https:\/\/eurotrail.info\/#\/schema\/logo\/image\/"}}]}},"_links":{"self":[{"href":"https:\/\/eurotrail.info\/de\/wp-json\/wp\/v2\/product\/4329","targetHints":{"allow":["GET"]}}],"collection":[{"href":"https:\/\/eurotrail.info\/de\/wp-json\/wp\/v2\/product"}],"about":[{"href":"https:\/\/eurotrail.info\/de\/wp-json\/wp\/v2\/types\/product"}],"replies":[{"embeddable":true,"href":"https:\/\/eurotrail.info\/de\/wp-json\/wp\/v2\/comments?post=4329"}],"wp:featuredmedia":[{"embeddable":true,"href":"https:\/\/eurotrail.info\/de\/wp-json\/wp\/v2\/media\/2153"}],"wp:attachment":[{"href":"https:\/\/eurotrail.info\/de\/wp-json\/wp\/v2\/media?parent=4329"}],"wp:term":[{"taxonomy":"product_brand","embeddable":true,"href":"https:\/\/eurotrail.info\/de\/wp-json\/wp\/v2\/product_brand?post=4329"},{"taxonomy":"product_cat","embeddable":true,"href":"https:\/\/eurotrail.info\/de\/wp-json\/wp\/v2\/product_cat?post=4329"},{"taxonomy":"product_tag","embeddable":true,"href":"https:\/\/eurotrail.info\/de\/wp-json\/wp\/v2\/product_tag?post=4329"}],"curies":[{"name":"wp","href":"https:\/\/api.w.org\/{rel}","templated":true}]}}